{"version":"1.0","provider_name":"iASK - Fels\u0151bbfok\u00fa Tanulm\u00e1nyok Int\u00e9zete, K\u0151szeg","provider_url":"https:\/\/archive.iask.hu\/hu","author_name":"Bal\u00e1zs Heged\u0171s","author_url":"https:\/\/archive.iask.hu\/hu\/author\/balazs-hegedus\/","title":"Hangz\u00f3 V\u00e1ros \u00e9s Ny\u00e1ri Zeneakad\u00e9mia K\u0151szegen - 2018 - iASK - Fels\u0151bbfok\u00fa Tanulm\u00e1nyok Int\u00e9zete, K\u0151szeg","type":"rich","width":600,"height":338,"html":"<blockquote class=\"wp-embedded-content\" data-secret=\"7dbDlP6BdG\"><a href=\"https:\/\/archive.iask.hu\/hu\/hangzo-varos-nyari-zeneakademia-koszegen\/\">Hangz\u00f3 V\u00e1ros \u00e9s Ny\u00e1ri Zeneakad\u00e9mia K\u0151szegen &#8211; 2018<\/a><\/blockquote><iframe sandbox=\"allow-scripts\" security=\"restricted\" src=\"https:\/\/archive.iask.hu\/hu\/hangzo-varos-nyari-zeneakademia-koszegen\/embed\/#?secret=7dbDlP6BdG\" width=\"600\" height=\"338\" title=\"&#8220;Hangz\u00f3 V\u00e1ros \u00e9s Ny\u00e1ri Zeneakad\u00e9mia K\u0151szegen &#8211; 2018&#8221; &#8212; iASK - Fels\u0151bbfok\u00fa Tanulm\u00e1nyok Int\u00e9zete, K\u0151szeg\" data-secret=\"7dbDlP6BdG\" frameborder=\"0\" marginwidth=\"0\" marginheight=\"0\" scrolling=\"no\" class=\"wp-embedded-content\"><\/iframe><script type=\"text\/javascript\">\n\/* <![CDATA[ *\/\n\/*! This file is auto-generated *\/\n!function(d,l){\"use strict\";l.querySelector&&d.addEventListener&&\"undefined\"!=typeof URL&&(d.wp=d.wp||{},d.wp.receiveEmbedMessage||(d.wp.receiveEmbedMessage=function(e){var t=e.data;if((t||t.secret||t.message||t.value)&&!\/[^a-zA-Z0-9]\/.test(t.secret)){for(var s,r,n,a=l.querySelectorAll('iframe[data-secret=\"'+t.secret+'\"]'),o=l.querySelectorAll('blockquote[data-secret=\"'+t.secret+'\"]'),c=new RegExp(\"^https?:$\",\"i\"),i=0;i<o.length;i++)o[i].style.display=\"none\";for(i=0;i<a.length;i++)s=a[i],e.source===s.contentWindow&&(s.removeAttribute(\"style\"),\"height\"===t.message?(1e3<(r=parseInt(t.value,10))?r=1e3:~~r<200&&(r=200),s.height=r):\"link\"===t.message&&(r=new URL(s.getAttribute(\"src\")),n=new URL(t.value),c.test(n.protocol))&&n.host===r.host&&l.activeElement===s&&(d.top.location.href=t.value))}},d.addEventListener(\"message\",d.wp.receiveEmbedMessage,!1),l.addEventListener(\"DOMContentLoaded\",function(){for(var e,t,s=l.querySelectorAll(\"iframe.wp-embedded-content\"),r=0;r<s.length;r++)(t=(e=s[r]).getAttribute(\"data-secret\"))||(t=Math.random().toString(36).substring(2,12),e.src+=\"#?secret=\"+t,e.setAttribute(\"data-secret\",t)),e.contentWindow.postMessage({message:\"ready\",secret:t},\"*\")},!1)))}(window,document);\n\/* ]]> *\/\n<\/script>\n","thumbnail_url":"http:\/\/archive.iask.hu\/wp-content\/uploads\/2018\/04\/hangzo_varos_2017.png","thumbnail_width":558,"thumbnail_height":554,"description":"Hangz\u00f3 V\u00e1ros \u00e9s K\u0151szegi Ny\u00e1ri Zeneakad\u00e9mia 2018\u00a0 2018. augusztus 29. \u00e9s szeptember 02. k\u00f6z\u00f6tt K\u0151szegen \u00c9nekes \u00e9s hangszeres mesterkurzusok a\u00a0Musica Aeterna M\u0171v\u00e9szeti Alap\u00edtv\u00e1ny\u00a0\u00e9s a\u00a0Fels\u0151bbfok\u00fa Tanulm\u00e1nyok Int\u00e9zete\u00a0szervez\u00e9s\u00e9ben. R\u00e9gi zene \u2013 egyh\u00e1zi zene \u2013 improviz\u00e1ci\u00f3 \u2013 kisv\u00e1rosi terek zen\u00e9je. A kurzus magja \u00e9s el\u0151zm\u00e9nye a\u00a0Cantor Regis Hungariae\u00a0elnevez\u00e9s\u0171 r\u00e9gi-zenei \u00e9s egyh\u00e1zzenei kurzus, amely eddig n\u00e9gy alkalommal ker\u00fclt megrendez\u00e9sre.&hellip;"}