{"version":"1.0","provider_name":"iASK - Fels\u0151bbfok\u00fa Tanulm\u00e1nyok Int\u00e9zete, K\u0151szeg","provider_url":"https:\/\/archive.iask.hu\/hu","author_name":"Gerg\u0151 Rozner","author_url":"https:\/\/archive.iask.hu\/hu\/author\/gergo-rozneriask-hu\/","title":"Cseresny\u00e9s, P\u00e9ter - iASK - Fels\u0151bbfok\u00fa Tanulm\u00e1nyok Int\u00e9zete, K\u0151szeg","type":"rich","width":600,"height":338,"html":"<blockquote class=\"wp-embedded-content\" data-secret=\"1JSE0TAS9g\"><a href=\"https:\/\/archive.iask.hu\/hu\/people\/cseresnyes-peter\/\">Cseresny\u00e9s P\u00e9ter<\/a><\/blockquote><iframe sandbox=\"allow-scripts\" security=\"restricted\" src=\"https:\/\/archive.iask.hu\/hu\/people\/cseresnyes-peter\/embed\/#?secret=1JSE0TAS9g\" width=\"600\" height=\"338\" title=\"&#8220;Cseresny\u00e9s P\u00e9ter&#8221; &#8212; iASK - Fels\u0151bbfok\u00fa Tanulm\u00e1nyok Int\u00e9zete, K\u0151szeg\" data-secret=\"1JSE0TAS9g\" frameborder=\"0\" marginwidth=\"0\" marginheight=\"0\" scrolling=\"no\" class=\"wp-embedded-content\"><\/iframe><script type=\"text\/javascript\">\n\/* <![CDATA[ *\/\n\/*! This file is auto-generated *\/\n!function(d,l){\"use strict\";l.querySelector&&d.addEventListener&&\"undefined\"!=typeof URL&&(d.wp=d.wp||{},d.wp.receiveEmbedMessage||(d.wp.receiveEmbedMessage=function(e){var t=e.data;if((t||t.secret||t.message||t.value)&&!\/[^a-zA-Z0-9]\/.test(t.secret)){for(var s,r,n,a=l.querySelectorAll('iframe[data-secret=\"'+t.secret+'\"]'),o=l.querySelectorAll('blockquote[data-secret=\"'+t.secret+'\"]'),c=new RegExp(\"^https?:$\",\"i\"),i=0;i<o.length;i++)o[i].style.display=\"none\";for(i=0;i<a.length;i++)s=a[i],e.source===s.contentWindow&&(s.removeAttribute(\"style\"),\"height\"===t.message?(1e3<(r=parseInt(t.value,10))?r=1e3:~~r<200&&(r=200),s.height=r):\"link\"===t.message&&(r=new URL(s.getAttribute(\"src\")),n=new URL(t.value),c.test(n.protocol))&&n.host===r.host&&l.activeElement===s&&(d.top.location.href=t.value))}},d.addEventListener(\"message\",d.wp.receiveEmbedMessage,!1),l.addEventListener(\"DOMContentLoaded\",function(){for(var e,t,s=l.querySelectorAll(\"iframe.wp-embedded-content\"),r=0;r<s.length;r++)(t=(e=s[r]).getAttribute(\"data-secret\"))||(t=Math.random().toString(36).substring(2,12),e.src+=\"#?secret=\"+t,e.setAttribute(\"data-secret\",t)),e.contentWindow.postMessage({message:\"ready\",secret:t},\"*\")},!1)))}(window,document);\n\/* ]]> *\/\n<\/script>\n","thumbnail_url":"http:\/\/archive.iask.hu\/wp-content\/uploads\/2017\/12\/s4zfg-lirif1_600x600.jpg","thumbnail_width":600,"thumbnail_height":600,"description":"[vc_row][vc_column width=&#8221;1\/3&#8243;][vc_column_text][\/vc_column_text][\/vc_column][vc_column width=&#8221;2\/3&#8243;][vc_column_text] \u00c9letrajz [\/vc_column_text][vc_column_text] &nbsp; Minister of State for the Labour Market and Training, Ministry of the National Economy P\u00e9ter Cseresny\u00e9s is a Hungarian politician, member of the National Assembly (MP) from Zala County Regional List from 2002 to 2010. He represented Nagykanizsa (Zala County Constituency II then III) since May 14, 2010. He&hellip;"}