{"version":"1.0","provider_name":"iASK - Fels\u0151bbfok\u00fa Tanulm\u00e1nyok Int\u00e9zete, K\u0151szeg","provider_url":"https:\/\/archive.iask.hu\/hu","author_name":"Bal\u00e1zs Heged\u0171s","author_url":"https:\/\/archive.iask.hu\/hu\/author\/balazs-hegedus\/","title":"Koller, Bogl\u00e1rka - iASK - Fels\u0151bbfok\u00fa Tanulm\u00e1nyok Int\u00e9zete, K\u0151szeg","type":"rich","width":600,"height":338,"html":"<blockquote class=\"wp-embedded-content\" data-secret=\"e6s4piD6v4\"><a href=\"https:\/\/archive.iask.hu\/hu\/people\/koller-boglarka\/\">Koller Bogl\u00e1rka<\/a><\/blockquote><iframe sandbox=\"allow-scripts\" security=\"restricted\" src=\"https:\/\/archive.iask.hu\/hu\/people\/koller-boglarka\/embed\/#?secret=e6s4piD6v4\" width=\"600\" height=\"338\" title=\"&#8220;Koller Bogl\u00e1rka&#8221; &#8212; iASK - Fels\u0151bbfok\u00fa Tanulm\u00e1nyok Int\u00e9zete, K\u0151szeg\" data-secret=\"e6s4piD6v4\" frameborder=\"0\" marginwidth=\"0\" marginheight=\"0\" scrolling=\"no\" class=\"wp-embedded-content\"><\/iframe><script type=\"text\/javascript\">\n\/* <![CDATA[ *\/\n\/*! This file is auto-generated *\/\n!function(d,l){\"use strict\";l.querySelector&&d.addEventListener&&\"undefined\"!=typeof URL&&(d.wp=d.wp||{},d.wp.receiveEmbedMessage||(d.wp.receiveEmbedMessage=function(e){var t=e.data;if((t||t.secret||t.message||t.value)&&!\/[^a-zA-Z0-9]\/.test(t.secret)){for(var s,r,n,a=l.querySelectorAll('iframe[data-secret=\"'+t.secret+'\"]'),o=l.querySelectorAll('blockquote[data-secret=\"'+t.secret+'\"]'),c=new RegExp(\"^https?:$\",\"i\"),i=0;i<o.length;i++)o[i].style.display=\"none\";for(i=0;i<a.length;i++)s=a[i],e.source===s.contentWindow&&(s.removeAttribute(\"style\"),\"height\"===t.message?(1e3<(r=parseInt(t.value,10))?r=1e3:~~r<200&&(r=200),s.height=r):\"link\"===t.message&&(r=new URL(s.getAttribute(\"src\")),n=new URL(t.value),c.test(n.protocol))&&n.host===r.host&&l.activeElement===s&&(d.top.location.href=t.value))}},d.addEventListener(\"message\",d.wp.receiveEmbedMessage,!1),l.addEventListener(\"DOMContentLoaded\",function(){for(var e,t,s=l.querySelectorAll(\"iframe.wp-embedded-content\"),r=0;r<s.length;r++)(t=(e=s[r]).getAttribute(\"data-secret\"))||(t=Math.random().toString(36).substring(2,12),e.src+=\"#?secret=\"+t,e.setAttribute(\"data-secret\",t)),e.contentWindow.postMessage({message:\"ready\",secret:t},\"*\")},!1)))}(window,document);\n\/* ]]> *\/\n<\/script>\n","thumbnail_url":"http:\/\/archive.iask.hu\/wp-content\/uploads\/2018\/06\/koller-boglarka.jpg","thumbnail_width":1618,"thumbnail_height":1080,"description":"[vc_row][vc_column width=&#8221;1\/3&#8243;][vc_column_text][\/vc_column_text][\/vc_column][vc_column width=&#8221;2\/3&#8243;][vc_column_text] Curriculum Vitae Bogl\u00e1rka Koller, PhD is a habilitated associate professor, head of Department of European Studies and dean at the National University of Public Service, Faculty of International and European Studies. She graduated at the Corvinus University, Budapest as an economist in 1998; she also holds an MA in Nationalism Studies from&hellip;"}